{"id":1449,"date":"2021-06-23T15:23:12","date_gmt":"2021-06-23T18:23:12","guid":{"rendered":"http:\/\/es.www.assesso.com.br\/?page_id=1449"},"modified":"2021-09-15T19:46:50","modified_gmt":"2021-09-15T22:46:50","slug":"na-midia","status":"publish","type":"page","link":"https:\/\/www.assesso.com.br\/es\/na-midia\/","title":{"rendered":"Na m\u00eddia"},"content":{"rendered":"<p>[vc_row gap=&#8221;35&#8243; content_placement=&#8221;middle&#8221; css=&#8221;.vc_custom_1624478235023{margin-top: 50px !important;margin-bottom: 50px !important;}&#8221;][vc_column width=&#8221;1\/2&#8243;][vc_column_text]<div class=\"grve-element grve-image grve-align-center\" style=\"\">  <div class=\"grve-image-wrapper\"><img loading=\"lazy\" decoding=\"async\" width=\"1000\" height=\"506\" src=\"https:\/\/www.assesso.com.br\/es\/wp-content\/uploads\/3\/2021\/06\/20210611-tiinside.jpg\" class=\"attachment-full size-full\" alt=\"\" srcset=\"https:\/\/www.assesso.com.br\/es\/wp-content\/uploads\/3\/2021\/06\/20210611-tiinside.jpg 1000w, https:\/\/www.assesso.com.br\/es\/wp-content\/uploads\/3\/2021\/06\/20210611-tiinside-300x152.jpg 300w, https:\/\/www.assesso.com.br\/es\/wp-content\/uploads\/3\/2021\/06\/20210611-tiinside-768x389.jpg 768w\" sizes=\"auto, (max-width: 1000px) 100vw, 1000px\" \/>   <\/div><\/div>[\/vc_column_text][\/vc_column][vc_column width=&#8221;1\/2&#8243;][vc_column_text]<\/p>\n<h3>O sucesso do e-commerce no Brasil passa pela gest\u00e3o e qualidade dos dados<\/h3>\n<p><strong>Publicado no portal TI Inside em 14\/06\/2021<\/strong><\/p>\n<p>A pandemia da Covid-19 acelerou a digitaliza\u00e7\u00e3o dos neg\u00f3cios e alavancou o e-commerce no Brasil, por conta do fechamento das lojas de rua e o crescimento necess\u00e1rio do com\u00e9rcio virtual. Neste cen\u00e1rio, os dados se tornaram um ativo de valor inestim\u00e1vel. Segundo dados do estudo Webshoppers (Ebit\/Nielsen &amp; Bexs Banco), o faturamento do e-commerce cresceu 41% em 2020, somando (&#8230;)<\/p>\n<p style=\"text-align: right;\"><a href=\"https:\/\/tiinside.com.br\/11\/06\/2021\/o-sucesso-do-e-commerce-no-brasil-passa-pela-gestao-e-qualidade-dos-dados\/\" target=\"_blank\" rel=\"noopener\">Clique aqui para continuar lendo<\/a><\/p>\n<p>[\/vc_column_text][\/vc_column][\/vc_row][vc_row gap=&#8221;35&#8243; content_placement=&#8221;middle&#8221; css=&#8221;.vc_custom_1624478235023{margin-top: 50px !important;margin-bottom: 50px !important;}&#8221;][vc_column width=&#8221;1\/2&#8243;][vc_column_text]<div class=\"grve-element grve-image grve-align-center\" style=\"\">  <div class=\"grve-image-wrapper\"><img loading=\"lazy\" decoding=\"async\" width=\"1000\" height=\"506\" src=\"https:\/\/www.assesso.com.br\/es\/wp-content\/uploads\/3\/2021\/06\/20210414-calltocall.jpg\" class=\"attachment-full size-full\" alt=\"\" srcset=\"https:\/\/www.assesso.com.br\/es\/wp-content\/uploads\/3\/2021\/06\/20210414-calltocall.jpg 1000w, https:\/\/www.assesso.com.br\/es\/wp-content\/uploads\/3\/2021\/06\/20210414-calltocall-300x152.jpg 300w, https:\/\/www.assesso.com.br\/es\/wp-content\/uploads\/3\/2021\/06\/20210414-calltocall-768x389.jpg 768w\" sizes=\"auto, (max-width: 1000px) 100vw, 1000px\" \/>   <\/div><\/div>[\/vc_column_text][\/vc_column][vc_column width=&#8221;1\/2&#8243;][vc_column_text]<\/p>\n<h3>Transforma\u00e7\u00e3o digital e gest\u00e3o de dados: caminho sem volta para sobreviv\u00eancia empresarial<\/h3>\n<p><strong>Publicado no portal Call to Call em 14\/04\/2021<\/strong><\/p>\n<p>O cen\u00e1rio at\u00edpico provocado pela pandemia da Covid-19 trouxe grandes desafios para as empresas em todo mundo e a transforma\u00e7\u00e3o digital foi a principal. A ado\u00e7\u00e3o de tecnologias em todas as fases da cadeia de valor de neg\u00f3cios \u00e9 a alternativa de sobreviv\u00eancia para organiza\u00e7\u00f5es de todos os portes e segmentos. E evolu\u00e7\u00e3o da tecnologia no mundo corporativo \u00e9 respons\u00e1vel pelo suporte de (&#8230;)<\/p>\n<p style=\"text-align: right;\"><a href=\"https:\/\/calltocall.com.br\/transformacao-digital-e-gestao-de-dados-caminho-sem-volta-para-sobrevivencia-empresarial\/\" target=\"_blank\" rel=\"noopener\">Clique aqui para continuar lendo<\/a><\/p>\n<p>[\/vc_column_text][\/vc_column][\/vc_row][vc_row gap=&#8221;35&#8243; content_placement=&#8221;middle&#8221; css=&#8221;.vc_custom_1624478235023{margin-top: 50px !important;margin-bottom: 50px !important;}&#8221;][vc_column width=&#8221;1\/2&#8243;][vc_column_text]<div class=\"grve-element grve-image grve-align-center\" style=\"\">  <div class=\"grve-image-wrapper\"><img loading=\"lazy\" decoding=\"async\" width=\"1000\" height=\"506\" src=\"https:\/\/www.assesso.com.br\/es\/wp-content\/uploads\/3\/2021\/06\/20210413-estadao.jpg\" class=\"attachment-full size-full\" alt=\"\" srcset=\"https:\/\/www.assesso.com.br\/es\/wp-content\/uploads\/3\/2021\/06\/20210413-estadao.jpg 1000w, https:\/\/www.assesso.com.br\/es\/wp-content\/uploads\/3\/2021\/06\/20210413-estadao-300x152.jpg 300w, https:\/\/www.assesso.com.br\/es\/wp-content\/uploads\/3\/2021\/06\/20210413-estadao-768x389.jpg 768w\" sizes=\"auto, (max-width: 1000px) 100vw, 1000px\" \/>   <\/div><\/div>[\/vc_column_text][\/vc_column][vc_column width=&#8221;1\/2&#8243;][vc_column_text]<\/p>\n<h3>Transforma\u00e7\u00e3o digital e gest\u00e3o de dados: caminho sem volta para sobreviv\u00eancia empresarial<\/h3>\n<p><strong>Publicado no portal Estad\u00e3o em 13\/04\/2021<\/strong><\/p>\n<p>O cen\u00e1rio at\u00edpico provocado pela pandemia da Covid-19 trouxe grandes desafios para as empresas em todo mundo e a transforma\u00e7\u00e3o digital foi a principal. A ado\u00e7\u00e3o de tecnologias em todas as fases da cadeia de valor de neg\u00f3cios \u00e9 a alternativa de sobreviv\u00eancia para organiza\u00e7\u00f5es de todos os portes e segmentos. E evolu\u00e7\u00e3o da tecnologia no mundo corporativo \u00e9 respons\u00e1vel pelo suporte de (&#8230;)<\/p>\n<p style=\"text-align: right;\"><a href=\"https:\/\/politica.estadao.com.br\/blogs\/fausto-macedo\/transformacao-digital-e-gestao-de-dados-caminho-sem-volta-para-sobrevivencia-empresarial\/\" target=\"_blank\" rel=\"noopener\">Clique aqui para continuar lendo<\/a><\/p>\n<p>[\/vc_column_text][\/vc_column][\/vc_row][vc_row gap=&#8221;35&#8243; content_placement=&#8221;middle&#8221; css=&#8221;.vc_custom_1624478235023{margin-top: 50px !important;margin-bottom: 50px !important;}&#8221;][vc_column width=&#8221;1\/2&#8243;][vc_column_text]<div class=\"grve-element grve-image grve-align-center\" style=\"\">  <div class=\"grve-image-wrapper\"><img loading=\"lazy\" decoding=\"async\" width=\"1000\" height=\"506\" src=\"https:\/\/www.assesso.com.br\/es\/wp-content\/uploads\/3\/2021\/06\/20210412-segs.jpg\" class=\"attachment-full size-full\" alt=\"\" srcset=\"https:\/\/www.assesso.com.br\/es\/wp-content\/uploads\/3\/2021\/06\/20210412-segs.jpg 1000w, https:\/\/www.assesso.com.br\/es\/wp-content\/uploads\/3\/2021\/06\/20210412-segs-300x152.jpg 300w, https:\/\/www.assesso.com.br\/es\/wp-content\/uploads\/3\/2021\/06\/20210412-segs-768x389.jpg 768w\" sizes=\"auto, (max-width: 1000px) 100vw, 1000px\" \/>   <\/div><\/div>[\/vc_column_text][\/vc_column][vc_column width=&#8221;1\/2&#8243;][vc_column_text]<\/p>\n<h3>Transforma\u00e7\u00e3o digital e gest\u00e3o de dados: caminho sem volta para sobreviv\u00eancia empresarial<\/h3>\n<p><strong>Publicado no portal Segs em 12\/04\/2021<\/strong><\/p>\n<p>O cen\u00e1rio at\u00edpico provocado pela pandemia da Covid-19 trouxe grandes desafios para as empresas em todo mundo e a transforma\u00e7\u00e3o digital foi a principal. A ado\u00e7\u00e3o de tecnologias em todas as fases da cadeia de valor de neg\u00f3cios \u00e9 a alternativa de sobreviv\u00eancia para organiza\u00e7\u00f5es de todos os portes e segmentos. E evolu\u00e7\u00e3o da tecnologia no mundo corporativo \u00e9 respons\u00e1vel pelo suporte de (&#8230;)<\/p>\n<p style=\"text-align: right;\"><a href=\"https:\/\/www.segs.com.br\/seguros\/284616-transformacao-digital-e-gestao-de-dados-caminho-sem-volta-para-sobrevivencia-empresarial\" target=\"_blank\" rel=\"noopener\">Clique aqui para continuar lendo<\/a><\/p>\n<p>[\/vc_column_text][\/vc_column][\/vc_row][vc_row gap=&#8221;35&#8243; content_placement=&#8221;middle&#8221; css=&#8221;.vc_custom_1624478235023{margin-top: 50px !important;margin-bottom: 50px !important;}&#8221;][vc_column width=&#8221;1\/2&#8243;][vc_column_text]<div class=\"grve-element grve-image grve-align-center\" style=\"\">  <div class=\"grve-image-wrapper\"><img loading=\"lazy\" decoding=\"async\" width=\"1000\" height=\"506\" src=\"https:\/\/www.assesso.com.br\/es\/wp-content\/uploads\/3\/2021\/06\/20200924-abeinfo.jpg\" class=\"attachment-full size-full\" alt=\"\" srcset=\"https:\/\/www.assesso.com.br\/es\/wp-content\/uploads\/3\/2021\/06\/20200924-abeinfo.jpg 1000w, https:\/\/www.assesso.com.br\/es\/wp-content\/uploads\/3\/2021\/06\/20200924-abeinfo-300x152.jpg 300w, https:\/\/www.assesso.com.br\/es\/wp-content\/uploads\/3\/2021\/06\/20200924-abeinfo-768x389.jpg 768w\" sizes=\"auto, (max-width: 1000px) 100vw, 1000px\" \/>   <\/div><\/div>[\/vc_column_text][\/vc_column][vc_column width=&#8221;1\/2&#8243;][vc_column_text]<\/p>\n<h3>Executivos latino-americamos apostam na digitaliza\u00e7\u00e3o para superar crise no p\u00f3s-pandemia<\/h3>\n<p><strong>Publicado no portal Abeinfo em 24\/09\/2020<\/strong><\/p>\n<p>Embora especialistas e autoridades da \u00e1rea da sa\u00fade recomendem cautela a respeito dos sinais de desacelera\u00e7\u00e3o da pandemia no pa\u00eds, come\u00e7a a surgir a sensa\u00e7\u00e3o de que o pior j\u00e1 passou. Se a queda no n\u00famero de novos casos da doen\u00e7a e de mortes provocadas por Covid-19 em boa parte dos estados brasileiros nas \u00faltimas semanas aponta (&#8230;)<\/p>\n<p style=\"text-align: right;\"><a href=\"https:\/\/www.segs.com.br\/seguros\/284616-transformacao-digital-e-gestao-de-dados-caminho-sem-volta-para-sobrevivencia-empresarial\" target=\"_blank\" rel=\"noopener\">Clique aqui para continuar lendo<\/a><\/p>\n<p>[\/vc_column_text][\/vc_column][\/vc_row][vc_row gap=&#8221;35&#8243; content_placement=&#8221;middle&#8221; css=&#8221;.vc_custom_1624478235023{margin-top: 50px !important;margin-bottom: 50px !important;}&#8221;][vc_column width=&#8221;1\/2&#8243;][vc_column_text]<div class=\"grve-element grve-image grve-align-center\" style=\"\">  <div class=\"grve-image-wrapper\"><img loading=\"lazy\" decoding=\"async\" width=\"1000\" height=\"506\" src=\"https:\/\/www.assesso.com.br\/es\/wp-content\/uploads\/3\/2021\/06\/20200828-inforchannel.jpg\" class=\"attachment-full size-full\" alt=\"\" srcset=\"https:\/\/www.assesso.com.br\/es\/wp-content\/uploads\/3\/2021\/06\/20200828-inforchannel.jpg 1000w, https:\/\/www.assesso.com.br\/es\/wp-content\/uploads\/3\/2021\/06\/20200828-inforchannel-300x152.jpg 300w, https:\/\/www.assesso.com.br\/es\/wp-content\/uploads\/3\/2021\/06\/20200828-inforchannel-768x389.jpg 768w\" sizes=\"auto, (max-width: 1000px) 100vw, 1000px\" \/>   <\/div><\/div>[\/vc_column_text][\/vc_column][vc_column width=&#8221;1\/2&#8243;][vc_column_text]<\/p>\n<h3>Aprovada pelo Senado e prestes a vigorar, LGPD pressiona mercado a se adequar<\/h3>\n<p><strong>Publicado no portal InforChannel em 28\/08\/2020<\/strong><\/p>\n<p>Embora especialistas e autoridades da \u00e1rea da sa\u00fade recomendem cautela a respeito dos sinais de desacelera\u00e7\u00e3o da pandemia no pa\u00eds, come\u00e7a a surgir a sensa\u00e7\u00e3o de que o pior j\u00e1 passou. Se a queda no n\u00famero de novos casos da doen\u00e7a e de mortes provocadas por Covid-19 em boa parte dos estados brasileiros nas \u00faltimas semanas aponta (&#8230;)<\/p>\n<p style=\"text-align: right;\"><a href=\"https:\/\/inforchannel.com.br\/2020\/08\/28\/aprovada-pelo-senado-e-prestes-a-vigorar-lgpd-pressiona-mercado-a-se-adequar\/\" target=\"_blank\" rel=\"noopener\">Clique aqui para continuar lendo<\/a><\/p>\n<p>[\/vc_column_text][\/vc_column][\/vc_row]<\/p>\n","protected":false},"excerpt":{"rendered":"<p>[vc_row gap=&#8221;35&#8243; content_placement=&#8221;middle&#8221; css=&#8221;.vc_custom_1624478235023{margin-top: 50px !important;margin-bottom: 50px !important;}&#8221;][vc_column width=&#8221;1\/2&#8243;][vc_column_text][\/vc_column_text][\/vc_column][vc_column width=&#8221;1\/2&#8243;][vc_column_text] O sucesso do e-commerce no Brasil passa pela gest\u00e3o e qualidade dos dados Publicado no portal TI Inside em 14\/06\/2021 A pandemia da Covid-19 acelerou a digitaliza\u00e7\u00e3o dos neg\u00f3cios e alavancou o e-commerce no Brasil, por conta do fechamento das lojas de rua e o [&hellip;]<\/p>\n","protected":false},"author":10,"featured_media":0,"parent":0,"menu_order":0,"comment_status":"closed","ping_status":"closed","template":"","meta":{"footnotes":""},"class_list":["post-1449","page","type-page","status-publish","hentry"],"yoast_head":"<!-- This site is optimized with the Yoast SEO plugin v18.0 - https:\/\/yoast.com\/wordpress\/plugins\/seo\/ -->\n<title>Na m\u00eddia - Assesso - Espa\u00f1ol<\/title>\n<meta name=\"robots\" content=\"index, follow, max-snippet:-1, max-image-preview:large, max-video-preview:-1\" \/>\n<link rel=\"canonical\" href=\"https:\/\/www.assesso.com.br\/es\/na-midia\/\" \/>\n<meta property=\"og:locale\" content=\"es_ES\" \/>\n<meta property=\"og:type\" content=\"article\" \/>\n<meta property=\"og:title\" content=\"Na m\u00eddia - Assesso - Espa\u00f1ol\" \/>\n<meta property=\"og:description\" content=\"[vc_row gap=&#8221;35&#8243; content_placement=&#8221;middle&#8221; css=&#8221;.vc_custom_1624478235023{margin-top: 50px !important;margin-bottom: 50px !important;}&#8221;][vc_column width=&#8221;1\/2&#8243;][vc_column_text][\/vc_column_text][\/vc_column][vc_column width=&#8221;1\/2&#8243;][vc_column_text] O sucesso do e-commerce no Brasil passa pela gest\u00e3o e qualidade dos dados Publicado no portal TI Inside em 14\/06\/2021 A pandemia da Covid-19 acelerou a digitaliza\u00e7\u00e3o dos neg\u00f3cios e alavancou o e-commerce no Brasil, por conta do fechamento das lojas de rua e o [&hellip;]\" \/>\n<meta property=\"og:url\" content=\"https:\/\/www.assesso.com.br\/es\/na-midia\/\" \/>\n<meta property=\"og:site_name\" content=\"Assesso - Espa\u00f1ol\" \/>\n<meta property=\"article:modified_time\" content=\"2021-09-15T22:46:50+00:00\" \/>\n<meta name=\"twitter:card\" content=\"summary_large_image\" \/>\n<meta name=\"twitter:label1\" content=\"Tiempo de lectura\" \/>\n\t<meta name=\"twitter:data1\" content=\"3 minutos\" \/>\n<script type=\"application\/ld+json\" class=\"yoast-schema-graph\">{\"@context\":\"https:\/\/schema.org\",\"@graph\":[{\"@type\":\"WebSite\",\"@id\":\"https:\/\/www.assesso.com.br\/#website\",\"url\":\"https:\/\/www.assesso.com.br\/\",\"name\":\"Assesso - Espa\u00f1ol\",\"description\":\"Conectando dados a decis\u00f5es\",\"potentialAction\":[{\"@type\":\"SearchAction\",\"target\":{\"@type\":\"EntryPoint\",\"urlTemplate\":\"https:\/\/www.assesso.com.br\/?s={search_term_string}\"},\"query-input\":\"required name=search_term_string\"}],\"inLanguage\":\"es\"},{\"@type\":\"WebPage\",\"@id\":\"https:\/\/www.assesso.com.br\/es\/na-midia\/#webpage\",\"url\":\"https:\/\/www.assesso.com.br\/es\/na-midia\/\",\"name\":\"Na m\u00eddia - Assesso - Espa\u00f1ol\",\"isPartOf\":{\"@id\":\"https:\/\/www.assesso.com.br\/#website\"},\"datePublished\":\"2021-06-23T18:23:12+00:00\",\"dateModified\":\"2021-09-15T22:46:50+00:00\",\"breadcrumb\":{\"@id\":\"https:\/\/www.assesso.com.br\/es\/na-midia\/#breadcrumb\"},\"inLanguage\":\"es\",\"potentialAction\":[{\"@type\":\"ReadAction\",\"target\":[\"https:\/\/www.assesso.com.br\/es\/na-midia\/\"]}]},{\"@type\":\"BreadcrumbList\",\"@id\":\"https:\/\/www.assesso.com.br\/es\/na-midia\/#breadcrumb\",\"itemListElement\":[{\"@type\":\"ListItem\",\"position\":1,\"name\":\"In\u00edcio\",\"item\":\"https:\/\/www.assesso.com.br\/es\/\"},{\"@type\":\"ListItem\",\"position\":2,\"name\":\"Na m\u00eddia\"}]}]}<\/script>\n<!-- \/ Yoast SEO plugin. -->","yoast_head_json":{"title":"Na m\u00eddia - Assesso - Espa\u00f1ol","robots":{"index":"index","follow":"follow","max-snippet":"max-snippet:-1","max-image-preview":"max-image-preview:large","max-video-preview":"max-video-preview:-1"},"canonical":"https:\/\/www.assesso.com.br\/es\/na-midia\/","og_locale":"es_ES","og_type":"article","og_title":"Na m\u00eddia - Assesso - Espa\u00f1ol","og_description":"[vc_row gap=&#8221;35&#8243; content_placement=&#8221;middle&#8221; css=&#8221;.vc_custom_1624478235023{margin-top: 50px !important;margin-bottom: 50px !important;}&#8221;][vc_column width=&#8221;1\/2&#8243;][vc_column_text][\/vc_column_text][\/vc_column][vc_column width=&#8221;1\/2&#8243;][vc_column_text] O sucesso do e-commerce no Brasil passa pela gest\u00e3o e qualidade dos dados Publicado no portal TI Inside em 14\/06\/2021 A pandemia da Covid-19 acelerou a digitaliza\u00e7\u00e3o dos neg\u00f3cios e alavancou o e-commerce no Brasil, por conta do fechamento das lojas de rua e o [&hellip;]","og_url":"https:\/\/www.assesso.com.br\/es\/na-midia\/","og_site_name":"Assesso - Espa\u00f1ol","article_modified_time":"2021-09-15T22:46:50+00:00","twitter_card":"summary_large_image","twitter_misc":{"Tiempo de lectura":"3 minutos"},"schema":{"@context":"https:\/\/schema.org","@graph":[{"@type":"WebSite","@id":"https:\/\/www.assesso.com.br\/#website","url":"https:\/\/www.assesso.com.br\/","name":"Assesso - Espa\u00f1ol","description":"Conectando dados a decis\u00f5es","potentialAction":[{"@type":"SearchAction","target":{"@type":"EntryPoint","urlTemplate":"https:\/\/www.assesso.com.br\/?s={search_term_string}"},"query-input":"required name=search_term_string"}],"inLanguage":"es"},{"@type":"WebPage","@id":"https:\/\/www.assesso.com.br\/es\/na-midia\/#webpage","url":"https:\/\/www.assesso.com.br\/es\/na-midia\/","name":"Na m\u00eddia - Assesso - Espa\u00f1ol","isPartOf":{"@id":"https:\/\/www.assesso.com.br\/#website"},"datePublished":"2021-06-23T18:23:12+00:00","dateModified":"2021-09-15T22:46:50+00:00","breadcrumb":{"@id":"https:\/\/www.assesso.com.br\/es\/na-midia\/#breadcrumb"},"inLanguage":"es","potentialAction":[{"@type":"ReadAction","target":["https:\/\/www.assesso.com.br\/es\/na-midia\/"]}]},{"@type":"BreadcrumbList","@id":"https:\/\/www.assesso.com.br\/es\/na-midia\/#breadcrumb","itemListElement":[{"@type":"ListItem","position":1,"name":"In\u00edcio","item":"https:\/\/www.assesso.com.br\/es\/"},{"@type":"ListItem","position":2,"name":"Na m\u00eddia"}]}]}},"_links":{"self":[{"href":"https:\/\/www.assesso.com.br\/es\/wp-json\/wp\/v2\/pages\/1449","targetHints":{"allow":["GET"]}}],"collection":[{"href":"https:\/\/www.assesso.com.br\/es\/wp-json\/wp\/v2\/pages"}],"about":[{"href":"https:\/\/www.assesso.com.br\/es\/wp-json\/wp\/v2\/types\/page"}],"author":[{"embeddable":true,"href":"https:\/\/www.assesso.com.br\/es\/wp-json\/wp\/v2\/users\/10"}],"replies":[{"embeddable":true,"href":"https:\/\/www.assesso.com.br\/es\/wp-json\/wp\/v2\/comments?post=1449"}],"version-history":[{"count":8,"href":"https:\/\/www.assesso.com.br\/es\/wp-json\/wp\/v2\/pages\/1449\/revisions"}],"predecessor-version":[{"id":1676,"href":"https:\/\/www.assesso.com.br\/es\/wp-json\/wp\/v2\/pages\/1449\/revisions\/1676"}],"wp:attachment":[{"href":"https:\/\/www.assesso.com.br\/es\/wp-json\/wp\/v2\/media?parent=1449"}],"curies":[{"name":"wp","href":"https:\/\/api.w.org\/{rel}","templated":true}]}}